{"id":36,"date":"2023-01-24T12:54:42","date_gmt":"2023-01-24T11:54:42","guid":{"rendered":"https:\/\/conslione.esteri.ithome\/"},"modified":"2023-03-06T12:21:16","modified_gmt":"2023-03-06T11:21:16","slug":"home","status":"publish","type":"page","link":"https:\/\/conslione.esteri.it\/fr\/","title":{"rendered":"Home"},"content":{"rendered":"        <section class=\"it-hero-wrapper it-dark it-overlay it-text-centered\">\n            <!-- - img-->\n            <div class=\"img-responsive-wrapper\">\n                <div class=\"img-responsive\">\n                    <div class=\"img-wrapper\">\n                        <img decoding=\"async\" loading=\"lazy\" width=\"1120\" height=\"490\" src=\"https:\/\/conslione.esteri.it\/wp-content\/uploads\/2023\/01\/lyon__tichr_-_adobestock.jpeg\" srcset=\"https:\/\/conslione.esteri.it\/wp-content\/uploads\/2023\/01\/lyon__tichr_-_adobestock.jpeg 1120w, https:\/\/conslione.esteri.it\/wp-content\/uploads\/2023\/01\/lyon__tichr_-_adobestock-300x131.jpeg 300w, https:\/\/conslione.esteri.it\/wp-content\/uploads\/2023\/01\/lyon__tichr_-_adobestock-1024x448.jpeg 1024w, https:\/\/conslione.esteri.it\/wp-content\/uploads\/2023\/01\/lyon__tichr_-_adobestock-768x336.jpeg 768w\" sizes=\"auto, (max-width: 1120px) 100vw, 1120px\" alt=\"Consulat G\u00e9n\u00e9ral d\u2019Italie \u00e0 Lyon\">\n                    <\/div>\n                <\/div>\n            <\/div>\n            <!-- - texts-->\n            <div class=\"container\">\n                <div class=\"row\">\n                    <div class=\"col-12\">\n                        <div class=\"it-hero-text-wrapper bg-dark\">\n                            <h2 class=\"h1\"><a class=\"text-white text-decoration-none\" href=\"https:\/\/conslione.esteri.it\/it\/chi-siamo\/\" title=\"Aller \u00e0 la page https:\/\/conslione.esteri.it\/it\/chi-siamo\/\"> Consulat G\u00e9n\u00e9ral d\u2019Italie \u00e0 Lyon<\/a><\/h2>\n                        <\/div>\n                    <\/div>\n                <\/div>\n            <\/div>\n    <\/section>\n        \n\n        <section class=\"container-fluid primary-bg\">\n        <div class=\"box-container-maxwidth argomenti\">\n            <div class=\"row p-md-5 p-2 text-center\">\n                <div class=\"col-md-3\">\n                    <h3 class=\"text-white\">Sujets en \u00e9vidence<\/h3>\n                <\/div>\n                <div class=\"col-md-9\">\n                                        <div class=\"chip chip-info chip-lg\">\n                        <a href=\"https:\/\/conslione.esteri.it\/fr\/servizi-consolari-e-visti\/servizi-per-il-cittadino-italiano\/altri-servizi\/albo-consolare\/\" title=\"Aller \u00e0 la page Registre Consulaire\" class=\"chip-label\">Registre Consulaire<\/a>\n                    <\/div>\n                                        <div class=\"chip chip-info chip-lg\">\n                        <a href=\"https:\/\/conslione.esteri.it\/fr\/servizi-consolari-e-visti\/servizi-per-il-cittadino-italiano\/altri-servizi\/prenota-appuntamento\/\" title=\"Aller \u00e0 la page Rendez-vous\" class=\"chip-label\">Rendez-vous<\/a>\n                    <\/div>\n                                        <div class=\"chip chip-info chip-lg\">\n                        <a href=\"https:\/\/conslione.esteri.it\/fr\/servizi-consolari-e-visti\/servizi-per-il-cittadino-italiano\/anagrafe-degli-italiani-residenti-allestero-aire\/\" title=\"Aller \u00e0 la page AIRE\" class=\"chip-label\">AIRE<\/a>\n                    <\/div>\n                                        <div class=\"chip chip-info chip-lg\">\n                        <a href=\"https:\/\/conslione.esteri.it\/fr\/chi-siamo\/la-rete-consolare\/\" title=\"Aller \u00e0 la page Permanenze Consolari\" class=\"chip-label\">Permanenze Consolari<\/a>\n                    <\/div>\n                                    <\/div>\n            <\/div>\n        <\/div>\n    <\/section>\n        \n    <section class=\"container-fluid c-line lightgrey-bg-a4 pt-5 pb-5\">\n        <div class=\"container\">\n        <div class=\"row pb-5\">\n            <div class=\"col-md-12 text-center\">\n                <h3>Nouvelles et communiqu\u00e9s de presse<\/h3>\n            <\/div>\n        <\/div>\n        <div class=\"row\">\n                        <div class=\"col-12 col-lg-8\">                <div>\n                <!--start card-->\n                <div class=\"card-wrapper \">\n                    <div class=\"card card-img c-line lightgrey-bg-a4\">\n                        <div class=\"img-responsive-wrapper\">\n                            <div class=\"img-responsive\">\n                                <figure class=\"img-wrapper\">\n                                    <a href=\"https:\/\/conslione.esteri.it\/fr\/news\/dal_consolato\/2026\/01\/attention-fin-de-validite-des-cartes-didentite-papier-3-aout-2026\/\" title=\"Lire l'article: ATTENTION \u2013 Fin de validit\u00e9 des cartes d&#039;identit\u00e9 papier \u2013 3 ao\u00fbt 2026\">\n                                                                        <picture>\n                                        <source type=\"image\/webp\" srcset=\"https:\/\/conslione.esteri.it\/wp-content\/themes\/sedi-tema\/assets\/img\/img-default.webp\">\n                                        <source type=\"image\/jpg\" srcset=\"https:\/\/conslione.esteri.it\/wp-content\/themes\/sedi-tema\/assets\/img\/img-default.jpg\">\n                                        <img decoding=\"async\" loading=\"lazy\" class=\"img-fluid\" width=\"856\" height=\"524\" src=\"https:\/\/conslione.esteri.it\/wp-content\/themes\/sedi-tema\/assets\/img\/img-default.jpg\" alt=\"ATTENTION \u2013 Fin de validit\u00e9 des cartes d&#039;identit\u00e9 papier \u2013 3 ao\u00fbt 2026\" title=\"ATTENTION \u2013 Fin de validit\u00e9 des cartes d&#039;identit\u00e9 papier \u2013 3 ao\u00fbt 2026\">\n                                    <\/picture>\n                                     \n                                    <\/a>\n                                <\/figure>\n                            <\/div>\n                        <\/div>\n                        <div class=\"card-body\">\n                            <div class=\"category-top \">\n                                <svg class=\"icon icon-sm\">\n                                    <use xlink:href=\"https:\/\/conslione.esteri.it\/wp-content\/themes\/sedi-tema\/assets\/svg\/sprites.svg#it-calendar\"><\/use>\n                                <\/svg>\n                            <!-- <a class=\"category\" title=\"Vai alla pagina: Approfondimenti\" href=\"https:\/\/www.esteri.it\/it\/sala_stampa\/archivionotizie\/approfondimenti\/\">Approfondimenti<\/a> -->\n                                <span class=\"ms-2\">16 Jan 2026<\/span>\n                            <\/div>\n                        <p class=\"h4 mb-2\"><a class=\"text-decoration-none text-body\" href=\"https:\/\/conslione.esteri.it\/fr\/news\/dal_consolato\/2026\/01\/attention-fin-de-validite-des-cartes-didentite-papier-3-aout-2026\/\" title=\"Lire l'article: ATTENTION \u2013 Fin de validit\u00e9 des cartes d&#039;identit\u00e9 papier \u2013 3 ao\u00fbt 2026\">ATTENTION \u2013 Fin de validit\u00e9 des cartes d&#039;identit\u00e9 papier \u2013 3 ao\u00fbt 2026<\/a><\/p>\n                        <p class=\"card-text\">Les cartes d'identit\u00e9 italiennes au format papier ne seront plus valables \u00e0 compter du 3 ao\u00fbt 2026, quelle que soit...<\/p>\n                        <a class=\"read-more\" href=\"https:\/\/conslione.esteri.it\/fr\/news\/dal_consolato\/2026\/01\/attention-fin-de-validite-des-cartes-didentite-papier-3-aout-2026\/\" title=\"Lire l'article: ATTENTION \u2013 Fin de validit\u00e9 des cartes d&#039;identit\u00e9 papier \u2013 3 ao\u00fbt 2026\">\n                            <span class=\"text\">Lire la suite<\/span>\n                            <svg class=\"icon\">\n                            <use href=\"https:\/\/conslione.esteri.it\/wp-content\/themes\/sedi-tema\/assets\/svg\/sprites.svg#it-arrow-right\"><\/use>\n                            <\/svg><\/a>\n                        <\/div>\n                    <\/div>\n                <\/div>\n                <!--end card-->\n                <\/div>\n            <\/div>                        <div class=\"col-12 col-lg-4\">                <div>\n                <!--start card-->\n                <div class=\"card-wrapper card-space\">\n                    <div class=\"card card-img card-bg no-after\">\n                        <div class=\"img-responsive-wrapper\">\n                            <div class=\"img-responsive\">\n                                <figure class=\"img-wrapper\">\n                                    <a href=\"https:\/\/conslione.esteri.it\/fr\/news\/dal_consolato\/2026\/04\/permanence-consulaire-a-grenoble-fermeture-exceptionnelle\/\" title=\"Lire l'article: Permanence consulaire \u00e0 Grenoble : fermeture exceptionnelle\">\n                                                                        <picture>\n                                        <source type=\"image\/webp\" srcset=\"https:\/\/conslione.esteri.it\/wp-content\/themes\/sedi-tema\/assets\/img\/img-default.webp\">\n                                        <source type=\"image\/jpg\" srcset=\"https:\/\/conslione.esteri.it\/wp-content\/themes\/sedi-tema\/assets\/img\/img-default.jpg\">\n                                        <img decoding=\"async\" loading=\"lazy\" class=\"img-fluid\" width=\"416\" height=\"254\" src=\"https:\/\/conslione.esteri.it\/wp-content\/themes\/sedi-tema\/assets\/img\/img-default.jpg\" alt=\"Permanence consulaire \u00e0 Grenoble : fermeture exceptionnelle\" title=\"Permanence consulaire \u00e0 Grenoble : fermeture exceptionnelle\">\n                                    <\/picture>\n                                     \n                                    <\/a>\n                                <\/figure>\n                            <\/div>\n                        <\/div>\n                        <div class=\"card-body\">\n                            <div class=\"category-top cat-lat\">\n                                <svg class=\"icon icon-sm\">\n                                    <use xlink:href=\"https:\/\/conslione.esteri.it\/wp-content\/themes\/sedi-tema\/assets\/svg\/sprites.svg#it-calendar\"><\/use>\n                                <\/svg>\n                            <!-- <a class=\"category\" title=\"Vai alla pagina: Approfondimenti\" href=\"https:\/\/www.esteri.it\/it\/sala_stampa\/archivionotizie\/approfondimenti\/\">Approfondimenti<\/a> -->\n                                <span class=\"ms-2\">14 Avr 2026<\/span>\n                            <\/div>\n                        <p class=\"h6 card-title mb-5\"><a class=\"text-decoration-none text-body\" href=\"https:\/\/conslione.esteri.it\/fr\/news\/dal_consolato\/2026\/04\/permanence-consulaire-a-grenoble-fermeture-exceptionnelle\/\" title=\"Lire l'article: Permanence consulaire \u00e0 Grenoble : fermeture exceptionnelle\">Permanence consulaire \u00e0 Grenoble : fermeture exceptionnelle<\/a><\/p>\n                        <p class=\"card-text\"><\/p>\n                        <a class=\"read-more\" href=\"https:\/\/conslione.esteri.it\/fr\/news\/dal_consolato\/2026\/04\/permanence-consulaire-a-grenoble-fermeture-exceptionnelle\/\" title=\"Lire l'article: Permanence consulaire \u00e0 Grenoble : fermeture exceptionnelle\">\n                            <span class=\"text\">Lire la suite<\/span>\n                            <svg class=\"icon\">\n                            <use href=\"https:\/\/conslione.esteri.it\/wp-content\/themes\/sedi-tema\/assets\/svg\/sprites.svg#it-arrow-right\"><\/use>\n                            <\/svg><\/a>\n                        <\/div>\n                    <\/div>\n                <\/div>\n                <!--end card-->\n                <\/div>\n                                                    <div>\n                <!--start card-->\n                <div class=\"card-wrapper card-space\">\n                    <div class=\"card card-img card-bg no-after\">\n                        <div class=\"img-responsive-wrapper\">\n                            <div class=\"img-responsive\">\n                                <figure class=\"img-wrapper\">\n                                    <a href=\"https:\/\/conslione.esteri.it\/fr\/news\/dal_consolato\/2026\/04\/appel-a-candidatures-pour-le-master-en-economie-internationale-et-administration-des-affaires-ieba-universite-de-verone\/\" title=\"Lire l'article: Appel \u00e0 candidatures pour le Master en \u00e9conomie internationale et administration des affaires (IEBA) - Universit\u00e9 de V\u00e9rone\">\n                                                                            <img decoding=\"async\" loading=\"lazy\" class=\"img-fluid\" width=\"640\" height=\"393\" src=\"https:\/\/conslione.esteri.it\/wp-content\/uploads\/2026\/04\/Grafica-sito-borse-di-studio-IT-768x471.png\" srcset=\"https:\/\/conslione.esteri.it\/wp-content\/uploads\/2026\/04\/Grafica-sito-borse-di-studio-IT.png 856w, https:\/\/conslione.esteri.it\/wp-content\/uploads\/2026\/04\/Grafica-sito-borse-di-studio-IT-300x184.png 300w, https:\/\/conslione.esteri.it\/wp-content\/uploads\/2026\/04\/Grafica-sito-borse-di-studio-IT-768x471.png 768w\" sizes=\"auto, (max-width: 856px) 100vw, 856px\" title=\"Grafica sito borse di studio-IT\" alt=\"\">\n                                     \n                                    <\/a>\n                                <\/figure>\n                            <\/div>\n                        <\/div>\n                        <div class=\"card-body\">\n                            <div class=\"category-top cat-lat\">\n                                <svg class=\"icon icon-sm\">\n                                    <use xlink:href=\"https:\/\/conslione.esteri.it\/wp-content\/themes\/sedi-tema\/assets\/svg\/sprites.svg#it-calendar\"><\/use>\n                                <\/svg>\n                            <!-- <a class=\"category\" title=\"Vai alla pagina: Approfondimenti\" href=\"https:\/\/www.esteri.it\/it\/sala_stampa\/archivionotizie\/approfondimenti\/\">Approfondimenti<\/a> -->\n                                <span class=\"ms-2\">07 Avr 2026<\/span>\n                            <\/div>\n                        <p class=\"h6 card-title mb-5\"><a class=\"text-decoration-none text-body\" href=\"https:\/\/conslione.esteri.it\/fr\/news\/dal_consolato\/2026\/04\/appel-a-candidatures-pour-le-master-en-economie-internationale-et-administration-des-affaires-ieba-universite-de-verone\/\" title=\"Lire l'article: Appel \u00e0 candidatures pour le Master en \u00e9conomie internationale et administration des affaires (IEBA) - Universit\u00e9 de V\u00e9rone\">Appel \u00e0 candidatures pour le Master en \u00e9conomie...<\/a><\/p>\n                        <p class=\"card-text\"><\/p>\n                        <a class=\"read-more\" href=\"https:\/\/conslione.esteri.it\/fr\/news\/dal_consolato\/2026\/04\/appel-a-candidatures-pour-le-master-en-economie-internationale-et-administration-des-affaires-ieba-universite-de-verone\/\" title=\"Lire l'article: Appel \u00e0 candidatures pour le Master en \u00e9conomie internationale et administration des affaires (IEBA) - Universit\u00e9 de V\u00e9rone\">\n                            <span class=\"text\">Lire la suite<\/span>\n                            <svg class=\"icon\">\n                            <use href=\"https:\/\/conslione.esteri.it\/wp-content\/themes\/sedi-tema\/assets\/svg\/sprites.svg#it-arrow-right\"><\/use>\n                            <\/svg><\/a>\n                        <\/div>\n                    <\/div>\n                <\/div>\n                <!--end card-->\n                <\/div>\n            <\/div>                    <\/div>\n        <\/div>\n    <\/section>\n        \n        <section id=\"rete-diplomatica\" class=\"container-fluid pb-5 pt-5\">\n            <div class=\"box-container-maxwidth\">\n           <div class=\"row text-white\">\n            <div class=\"col-xl-7 bg-primary\">\n                <div class=\"image-rete-diplomatica\">\n                    <picture>\n                        <source type=\"image\/webp\" srcset=\"https:\/\/conslione.esteri.it\/wp-content\/themes\/sedi-tema\/assets\/img\/mappa-rete.webp\" >\n                        <source type=\"image\/jpg\" srcset=\"https:\/\/conslione.esteri.it\/wp-content\/themes\/sedi-tema\/assets\/img\/mappa-rete.jpg\" >\n                        <img decoding=\"async\" width=\"1200\" height=\"731\" loading=\"lazy\" class=\"img-fluid\" src=\"https:\/\/conslione.esteri.it\/wp-content\/themes\/sedi-tema\/assets\/img\/mappa-rete.jpg\" alt=\"Une carte\" >\n                    <\/picture>\n                <\/div>\n            <\/div>\n                <div class=\"col-xl-5 bg-primary p-5 it-list-wrapper\">\n                    <h3 class=\"pb-5\">Le r\u00e9seau diplomatique-consulaire<\/h3>\n                    <ul class=\"it-list mappa-ul\">\n                                                <li class=\"pb-2\">\n                        <div class=\"list-item\">\n                            <div>\n                            <picture>\n                                <source type=\"image\/webp\" srcset=\"https:\/\/conslione.esteri.it\/wp-content\/themes\/sedi-tema\/assets\/img\/pin\/2x\/icona-arancio-2x.webp 2x, https:\/\/conslione.esteri.it\/wp-content\/themes\/sedi-tema\/assets\/img\/pin\/1x\/icona-arancio.webp 1x\" >\n                                <source type=\"image\/png\" srcset=\"https:\/\/conslione.esteri.it\/wp-content\/themes\/sedi-tema\/assets\/img\/pin\/icona-arancio.png\" >\n                                <img decoding=\"async\" class=\"align-self-center me-3 rounded-circle pin-mappa\" loading=\"lazy\" width=\"50\" height=\"50\" src=\"https:\/\/conslione.esteri.it\/wp-content\/themes\/sedi-tema\/assets\/img\/pin\/icona-arancio.png\" alt=\"\u00c9pingle du si\u00e8ge CONSOLATO GENERALE I Cl. PARIGI\" >\n                            <\/picture>   \n                            <\/div>\n                                <div class=\"it-right-zone\">\n                                    <a class=\"text-white text text-decoration-none\" title=\"Aller au lieu CONSOLATO GENERALE I Cl. PARIGI\" href=\"https:\/\/consparigi.esteri.it\/Consolato_Parigi\/fr\/\">\n                                        <h4 class=\"h5 mt-0 mb-1\">CONSOLATO GENERALE I Cl. PARIGI<\/h4>\n                                        5, Boulevard Emile Augier - 75016 PARIS                                    <\/a>\n                                <\/div>\n                        <\/div>\n                        <\/li>\n                                                <li class=\"pb-2\">\n                        <div class=\"list-item\">\n                            <div>\n                            <picture>\n                                <source type=\"image\/webp\" srcset=\"https:\/\/conslione.esteri.it\/wp-content\/themes\/sedi-tema\/assets\/img\/pin\/2x\/icona-verde-2x.webp 2x, https:\/\/conslione.esteri.it\/wp-content\/themes\/sedi-tema\/assets\/img\/pin\/1x\/icona-verde.webp 1x\" >\n                                <source type=\"image\/png\" srcset=\"https:\/\/conslione.esteri.it\/wp-content\/themes\/sedi-tema\/assets\/img\/pin\/icona-verde.png\" >\n                                <img decoding=\"async\" class=\"align-self-center me-3 rounded-circle pin-mappa\" loading=\"lazy\" width=\"50\" height=\"50\" src=\"https:\/\/conslione.esteri.it\/wp-content\/themes\/sedi-tema\/assets\/img\/pin\/icona-verde.png\" alt=\"\u00c9pingle du si\u00e8ge CONSOLATO GENERALE MARSIGLIA\" >\n                            <\/picture>   \n                            <\/div>\n                                <div class=\"it-right-zone\">\n                                    <a class=\"text-white text text-decoration-none\" title=\"Aller au lieu CONSOLATO GENERALE MARSIGLIA\" href=\"https:\/\/consmarsiglia.esteri.it\/consolato_marsiglia\/fr\/\">\n                                        <h4 class=\"h5 mt-0 mb-1\">CONSOLATO GENERALE MARSIGLIA<\/h4>\n                                        56, Rue d\u2019Alger - 13005 MARSEILLE                                    <\/a>\n                                <\/div>\n                        <\/div>\n                        <\/li>\n                                                <li class=\"pb-2\">\n                        <div class=\"list-item\">\n                            <div>\n                            <picture>\n                                <source type=\"image\/webp\" srcset=\"https:\/\/conslione.esteri.it\/wp-content\/themes\/sedi-tema\/assets\/img\/pin\/2x\/icona-blu-2x.webp 2x, https:\/\/conslione.esteri.it\/wp-content\/themes\/sedi-tema\/assets\/img\/pin\/1x\/icona-blu.webp 1x\" >\n                                <source type=\"image\/png\" srcset=\"https:\/\/conslione.esteri.it\/wp-content\/themes\/sedi-tema\/assets\/img\/pin\/icona-blu.png\" >\n                                <img decoding=\"async\" class=\"align-self-center me-3 rounded-circle pin-mappa\" loading=\"lazy\" width=\"50\" height=\"50\" src=\"https:\/\/conslione.esteri.it\/wp-content\/themes\/sedi-tema\/assets\/img\/pin\/icona-blu.png\" alt=\"\u00c9pingle du si\u00e8ge CONSOLATO GENERALE METZ\" >\n                            <\/picture>   \n                            <\/div>\n                                <div class=\"it-right-zone\">\n                                    <a class=\"text-white text text-decoration-none\" title=\"Aller au lieu CONSOLATO GENERALE METZ\" href=\"https:\/\/consmetz.esteri.it\/Consolato_Metz\/fr\/\">\n                                        <h4 class=\"h5 mt-0 mb-1\">CONSOLATO GENERALE METZ<\/h4>\n                                        7, Boulevard Cl\u00e9menceau - 57000 METZ                                    <\/a>\n                                <\/div>\n                        <\/div>\n                        <\/li>\n                                                <li class=\"pb-2\">\n                        <div class=\"list-item\">\n                            <div>\n                            <picture>\n                                <source type=\"image\/webp\" srcset=\"https:\/\/conslione.esteri.it\/wp-content\/themes\/sedi-tema\/assets\/img\/pin\/2x\/icona-grigio-2x.webp 2x, https:\/\/conslione.esteri.it\/wp-content\/themes\/sedi-tema\/assets\/img\/pin\/1x\/icona-grigio.webp 1x\" >\n                                <source type=\"image\/png\" srcset=\"https:\/\/conslione.esteri.it\/wp-content\/themes\/sedi-tema\/assets\/img\/pin\/icona-grigio.png\" >\n                                <img decoding=\"async\" class=\"align-self-center me-3 rounded-circle pin-mappa\" loading=\"lazy\" width=\"50\" height=\"50\" src=\"https:\/\/conslione.esteri.it\/wp-content\/themes\/sedi-tema\/assets\/img\/pin\/icona-grigio.png\" alt=\"\u00c9pingle du si\u00e8ge CONSOLATO GENERALE NIZZA\" >\n                            <\/picture>   \n                            <\/div>\n                                <div class=\"it-right-zone\">\n                                    <a class=\"text-white text text-decoration-none\" title=\"Aller au lieu CONSOLATO GENERALE NIZZA\" href=\"https:\/\/consnizza.esteri.it\/Consolato_Nizza\/fr\/\">\n                                        <h4 class=\"h5 mt-0 mb-1\">CONSOLATO GENERALE NIZZA<\/h4>\n                                        72, Boulevard Gambetta - 06048 NICE Cedex 1                                    <\/a>\n                                <\/div>\n                        <\/div>\n                        <\/li>\n                                                <li class=\"media\">\n                            <a class=\"text-uppercase text-white fw-bold text-decoration-none\" href=\"https:\/\/conslione.esteri.it\/fr\/chi-siamo\/la-rete-consolare\/\">Liste compl\u00e8te<\/a>\n                        <\/li>\n                    <\/ul>\n                <\/div>\n        <\/div>\n        <\/div>\n        <\/section>\n        \n        <!-- Sezione siti tematici -->\n        <section class=\"container pt-5 pb-5\">\n          <div class=\"row pt-5\">\n              <div class=\"col-12 text-center\">\n                <h3>Portails Farnesina<\/h3>\n            <\/div>\n          <\/div>\n          <div class=\"py-4\">\n            <div class=\"card-wrapper card-teaser-wrapper card-teaser-wrapper-equal card-teaser-block-3\">\n                            <div class=\"card card-teaser card-bg-celeste rounded\">\n                    <div class=\"avatar siti-tematici-img size-lg me-3 rounded-0 bg-transparent\">\n                    <picture>\n                        <source type=\"image\/webp\" srcset=\"https:\/\/conslione.esteri.it\/wp-content\/themes\/sedi-tema\/assets\/img\/icone-portali\/2x\/opportunitaly-2x.webp 2x,https:\/\/conslione.esteri.it\/wp-content\/themes\/sedi-tema\/assets\/img\/icone-portali\/1x\/opportunitaly.webp 1x\" >\n                        <source type=\"image\/png\" srcset=\"https:\/\/conslione.esteri.it\/wp-content\/themes\/sedi-tema\/assets\/img\/icone-portali\/opportunitaly.png\" >\n                        <img decoding=\"async\" loading=\"lazy\" width=\"40\" height=\"40\" class=\"rounded-0\" src=\"https:\/\/conslione.esteri.it\/wp-content\/themes\/sedi-tema\/assets\/img\/icone-portali\/opportunitaly.png\"  alt=\"OpportunItaly\" >\n                    <\/picture> \n                    <\/div>\n                    <div class=\"card-body\">\n                    <a class=\"text-white siti-tematici text-decoration-none\" title=\"Aller au portail OpportunItaly\" target=\"_blank\" href=\"https:\/\/opportunitaly.gov.it\/\" rel=\"noopener\">\n                    <p class=\"card-title h4\">\n                        OpportunItaly                    <\/p>\n                    <p class=\"card-text text-sans-serif\">\n                        Le programme d&#039;acc\u00e9l\u00e9ration de l&#039;export Italien                    <\/p>\n                    <\/a>\n                    <\/div>\n                <\/div>\n                            <div class=\"card card-teaser card-bg-warning rounded\">\n                    <div class=\"avatar siti-tematici-img size-lg me-3 rounded-0 bg-transparent\">\n                    <picture>\n                        <source type=\"image\/webp\" srcset=\"https:\/\/conslione.esteri.it\/wp-content\/themes\/sedi-tema\/assets\/img\/icone-portali\/2x\/builder-2x.webp 2x,https:\/\/conslione.esteri.it\/wp-content\/themes\/sedi-tema\/assets\/img\/icone-portali\/1x\/builder.webp 1x\" >\n                        <source type=\"image\/png\" srcset=\"https:\/\/conslione.esteri.it\/wp-content\/themes\/sedi-tema\/assets\/img\/icone-portali\/builder.png\" >\n                        <img decoding=\"async\" loading=\"lazy\" width=\"40\" height=\"40\" class=\"rounded-0\" src=\"https:\/\/conslione.esteri.it\/wp-content\/themes\/sedi-tema\/assets\/img\/icone-portali\/builder.png\"  alt=\"Visto per l&#039;Italia\" >\n                    <\/picture> \n                    <\/div>\n                    <div class=\"card-body\">\n                    <a class=\"text-white siti-tematici text-decoration-none\" title=\"Aller au portail Visto per l&#039;Italia\" target=\"_blank\" href=\"https:\/\/vistoperitalia.esteri.it\" rel=\"noopener\">\n                    <p class=\"card-title h4\">\n                        Visto per l&#039;Italia                    <\/p>\n                    <p class=\"card-text text-sans-serif\">\n                        Informations destin\u00e9es aux \u00e9trangers souhaitant se rendre en Italie                    <\/p>\n                    <\/a>\n                    <\/div>\n                <\/div>\n                            <div class=\"card card-teaser card-bg-info rounded\">\n                    <div class=\"avatar siti-tematici-img size-lg me-3 rounded-0 bg-transparent\">\n                    <picture>\n                        <source type=\"image\/webp\" srcset=\"https:\/\/conslione.esteri.it\/wp-content\/themes\/sedi-tema\/assets\/img\/icone-portali\/2x\/globe-2x.webp 2x,https:\/\/conslione.esteri.it\/wp-content\/themes\/sedi-tema\/assets\/img\/icone-portali\/1x\/globe.webp 1x\" >\n                        <source type=\"image\/png\" srcset=\"https:\/\/conslione.esteri.it\/wp-content\/themes\/sedi-tema\/assets\/img\/icone-portali\/globe.png\" >\n                        <img decoding=\"async\" loading=\"lazy\" width=\"40\" height=\"40\" class=\"rounded-0\" src=\"https:\/\/conslione.esteri.it\/wp-content\/themes\/sedi-tema\/assets\/img\/icone-portali\/globe.png\"  alt=\"Dove Siamo Nel Mondo\" >\n                    <\/picture> \n                    <\/div>\n                    <div class=\"card-body\">\n                    <a class=\"text-white siti-tematici text-decoration-none\" title=\"Aller au portail Dove Siamo Nel Mondo\" target=\"_blank\" href=\"https:\/\/www.dovesiamonelmondo.it\/\" rel=\"noopener\">\n                    <p class=\"card-title h4\">\n                        Dove Siamo Nel Mondo                    <\/p>\n                    <p class=\"card-text text-sans-serif\">\n                        Le portail pour l&#039;enregistrement de votre voyage \u00e0 l&#039;\u00e9tranger                    <\/p>\n                    <\/a>\n                    <\/div>\n                <\/div>\n                            <div class=\"card card-teaser card-bg-violet rounded\">\n                    <div class=\"avatar siti-tematici-img size-lg me-3 rounded-0 bg-transparent\">\n                    <picture>\n                        <source type=\"image\/webp\" srcset=\"https:\/\/conslione.esteri.it\/wp-content\/themes\/sedi-tema\/assets\/img\/icone-portali\/2x\/rocket-2x.webp 2x,https:\/\/conslione.esteri.it\/wp-content\/themes\/sedi-tema\/assets\/img\/icone-portali\/1x\/rocket.webp 1x\" >\n                        <source type=\"image\/png\" srcset=\"https:\/\/conslione.esteri.it\/wp-content\/themes\/sedi-tema\/assets\/img\/icone-portali\/rocket.png\" >\n                        <img decoding=\"async\" loading=\"lazy\" width=\"40\" height=\"40\" class=\"rounded-0\" src=\"https:\/\/conslione.esteri.it\/wp-content\/themes\/sedi-tema\/assets\/img\/icone-portali\/rocket.png\"  alt=\"Fast IT\" >\n                    <\/picture> \n                    <\/div>\n                    <div class=\"card-body\">\n                    <a class=\"text-white siti-tematici text-decoration-none\" title=\"Aller au portail Fast IT\" target=\"_blank\" href=\"https:\/\/serviziconsolari.esteri.it\/\" rel=\"noopener\">\n                    <p class=\"card-title h4\">\n                        Fast IT                    <\/p>\n                    <p class=\"card-text text-sans-serif\">\n                        Le portail des services consulaires                    <\/p>\n                    <\/a>\n                    <\/div>\n                <\/div>\n                            <div class=\"card card-teaser card-bg-info rounded\">\n                    <div class=\"avatar siti-tematici-img size-lg me-3 rounded-0 bg-transparent\">\n                    <picture>\n                        <source type=\"image\/webp\" srcset=\"https:\/\/conslione.esteri.it\/wp-content\/themes\/sedi-tema\/assets\/img\/icone-portali\/2x\/pc-2x.webp 2x,https:\/\/conslione.esteri.it\/wp-content\/themes\/sedi-tema\/assets\/img\/icone-portali\/1x\/pc.webp 1x\" >\n                        <source type=\"image\/png\" srcset=\"https:\/\/conslione.esteri.it\/wp-content\/themes\/sedi-tema\/assets\/img\/icone-portali\/pc.png\" >\n                        <img decoding=\"async\" loading=\"lazy\" width=\"40\" height=\"40\" class=\"rounded-0\" src=\"https:\/\/conslione.esteri.it\/wp-content\/themes\/sedi-tema\/assets\/img\/icone-portali\/pc.png\"  alt=\"Prenot@Mi\" >\n                    <\/picture> \n                    <\/div>\n                    <div class=\"card-body\">\n                    <a class=\"text-white siti-tematici text-decoration-none\" title=\"Aller au portail Prenot@Mi\" target=\"_blank\" href=\"https:\/\/prenotami.esteri.it\/\" rel=\"noopener\">\n                    <p class=\"card-title h4\">\n                        Prenot@Mi                    <\/p>\n                    <p class=\"card-text text-sans-serif\">\n                        Le service de r\u00e9servation en ligne pour les services consulaires                    <\/p>\n                    <\/a>\n                    <\/div>\n                <\/div>\n                            <div class=\"card card-teaser card-bg-danger rounded\">\n                    <div class=\"avatar siti-tematici-img size-lg me-3 rounded-0 bg-transparent\">\n                    <picture>\n                        <source type=\"image\/webp\" srcset=\"https:\/\/conslione.esteri.it\/wp-content\/themes\/sedi-tema\/assets\/img\/icone-portali\/2x\/around-the-world-2x.webp 2x,https:\/\/conslione.esteri.it\/wp-content\/themes\/sedi-tema\/assets\/img\/icone-portali\/1x\/around-the-world.webp 1x\" >\n                        <source type=\"image\/png\" srcset=\"https:\/\/conslione.esteri.it\/wp-content\/themes\/sedi-tema\/assets\/img\/icone-portali\/around-the-world.png\" >\n                        <img decoding=\"async\" loading=\"lazy\" width=\"40\" height=\"40\" class=\"rounded-0\" src=\"https:\/\/conslione.esteri.it\/wp-content\/themes\/sedi-tema\/assets\/img\/icone-portali\/around-the-world.png\"  alt=\"Viaggiare Sicuri\" >\n                    <\/picture> \n                    <\/div>\n                    <div class=\"card-body\">\n                    <a class=\"text-white siti-tematici text-decoration-none\" title=\"Aller au portail Viaggiare Sicuri\" target=\"_blank\" href=\"https:\/\/www.viaggiaresicuri.it\/\" rel=\"noopener\">\n                    <p class=\"card-title h4\">\n                        Viaggiare Sicuri                    <\/p>\n                    <p class=\"card-text text-sans-serif\">\n                        Informations pour les citoyens italiens qui souhaitent voyager \u00e0 l&#039;\u00e9tranger                    <\/p>\n                    <\/a>\n                    <\/div>\n                <\/div>\n                        <\/div>\n          <\/div>\n          <div class=\"row mb-4\">\n            <div class=\"col-md-12 text-center\">\n              <a class=\"btn btn-outline-primary\" target=\"_blank\" rel=\"noopener\" title=\"Explorer tous les portails\" href=\"https:\/\/www.esteri.it\/it\/ministero\/portali-del-ministero-degli-affari-esteri\/\">Explorer tous les portails<\/a>\n           <\/div>\n          <\/div>\n        <\/section>\n        \n        <section class=\"container-fluid pt-5 pb-5\">\n            <div class=\"container\">\n                <div class=\"row\">\n                    <div class=\"col-12 text-center mb-5\">\n                        <h3>Suivez-nous sur notre #Social<\/h3>\n                    <\/div>\n                <\/div>\n                <div class=\"row text-center\">\n                                        <div class=\"col \">\n                        <a target=\"_blank\" href=\"https:\/\/twitter.com\/ItalyinLyon\" title=\"Aller \u00e0 la cha\u00eene twitter\" rel=\"noopener\">\n                            <picture>\n                                <source type=\"image\/webp\" srcset=\"https:\/\/conslione.esteri.it\/wp-content\/themes\/sedi-tema\/assets\/img\/social-ico\/2x\/twitter-ico-2x.webp 2x,https:\/\/conslione.esteri.it\/wp-content\/themes\/sedi-tema\/assets\/img\/social-ico\/1x\/twitter-ico.webp 1x\" >\n                                <source type=\"image\/png\" srcset=\"https:\/\/conslione.esteri.it\/wp-content\/themes\/sedi-tema\/assets\/img\/social-ico\/twitter-ico.png\" >\n                                <img decoding=\"async\" loading=\"lazy\" width=\"100\" height=\"100\" src=\"https:\/\/conslione.esteri.it\/wp-content\/themes\/sedi-tema\/assets\/img\/social-ico\/twitter-ico.png\" class=\"figure-img ico-social\" alt=\"Social twitter\" >\n                            <\/picture> \n                        <\/a>\n                    <\/div>\n                                        <div class=\"col \">\n                        <a target=\"_blank\" href=\"https:\/\/www.spreaker.com\/user\/italymfa\" title=\"Aller \u00e0 la cha\u00eene spreaker\" rel=\"noopener\">\n                            <picture>\n                                <source type=\"image\/webp\" srcset=\"https:\/\/conslione.esteri.it\/wp-content\/themes\/sedi-tema\/assets\/img\/social-ico\/2x\/spreaker-ico-2x.webp 2x,https:\/\/conslione.esteri.it\/wp-content\/themes\/sedi-tema\/assets\/img\/social-ico\/1x\/spreaker-ico.webp 1x\" >\n                                <source type=\"image\/png\" srcset=\"https:\/\/conslione.esteri.it\/wp-content\/themes\/sedi-tema\/assets\/img\/social-ico\/spreaker-ico.png\" >\n                                <img decoding=\"async\" loading=\"lazy\" width=\"100\" height=\"100\" src=\"https:\/\/conslione.esteri.it\/wp-content\/themes\/sedi-tema\/assets\/img\/social-ico\/spreaker-ico.png\" class=\"figure-img ico-social\" alt=\"Social spreaker\" >\n                            <\/picture> \n                        <\/a>\n                    <\/div>\n                                        <div class=\"col \">\n                        <a target=\"_blank\" href=\"https:\/\/www.instagram.com\/italyinlyon\/\" title=\"Aller \u00e0 la cha\u00eene instagram\" rel=\"noopener\">\n                            <picture>\n                                <source type=\"image\/webp\" srcset=\"https:\/\/conslione.esteri.it\/wp-content\/themes\/sedi-tema\/assets\/img\/social-ico\/2x\/instagram-ico-2x.webp 2x,https:\/\/conslione.esteri.it\/wp-content\/themes\/sedi-tema\/assets\/img\/social-ico\/1x\/instagram-ico.webp 1x\" >\n                                <source type=\"image\/png\" srcset=\"https:\/\/conslione.esteri.it\/wp-content\/themes\/sedi-tema\/assets\/img\/social-ico\/instagram-ico.png\" >\n                                <img decoding=\"async\" loading=\"lazy\" width=\"100\" height=\"100\" src=\"https:\/\/conslione.esteri.it\/wp-content\/themes\/sedi-tema\/assets\/img\/social-ico\/instagram-ico.png\" class=\"figure-img ico-social\" alt=\"Social instagram\" >\n                            <\/picture> \n                        <\/a>\n                    <\/div>\n                                    <\/div>\n                <div class=\"row mb-4 mt-4\">\n                    <div class=\"col-md-12 text-center\">\n                        <a class=\"btn btn-outline-primary\" target=\"_blank\" rel=\"noopener\" title=\"Explorez les r\u00e9seaux sociaux du r\u00e9seau Farnesina\" href=\"https:\/\/www.esteri.it\/it\/sala_stampa\/socialfarnesina\/\">Explorez les r\u00e9seaux sociaux du r\u00e9seau Farnesina<\/a>\n                    <\/div>\n                <\/div>\n            <\/div>\n        <\/section>\n       \n        <!-- Blocco Banner -->\n        <section class=\"container-fluid c-line lightgrey-bg-a4 pb-5 pt-5 banners-hp\">\n          <h2 class=\"visually-hidden\">Bloc de banni\u00e8re<\/h2>\n                      <div class=\"container\">\n                <div class=\"row\">\n                    <div class=\"col-12\">\n                        <div class=\"it-carousel-wrapper it-carousel-landscape-abstract-three-cols splide\" data-bs-carousel-splide>\n                            <div class=\"splide__track\">\n                                <ul class=\"splide__list\">\n                                                                    <li class=\"splide__slide\">\n                                        <div class=\"it-single-slide-wrapper\">\n                                            <div class=\"card-wrapper\">\n                                                <div class=\"card card-img no-after\">\n                                                    <div class=\"img-responsive-wrapper\">\n                                                        <div class=\"img-responsive\">\n                                                            <div class=\"img-wrapper\">\n                                                                <a href=\"https:\/\/conslione.esteri.it\/fr\/servizi-consolari-e-visti\/servizi-per-il-cittadino-italiano\/spid-sistema-pubblico-di-identita-digitale\/\" title=\"Aller \u00e0 la page https:\/\/conslione.esteri.it\/fr\/servizi-consolari-e-visti\/servizi-per-il-cittadino-italiano\/spid-sistema-pubblico-di-identita-digitale\/\" target=\"_blank\">\n                                                                    <img decoding=\"async\" loading=\"lazy\" width=\"640\" height=\"360\" src=\"https:\/\/conslione.esteri.it\/wp-content\/uploads\/2023\/01\/spid_2-immagine-768x432.jpg\" srcset=\"https:\/\/conslione.esteri.it\/wp-content\/uploads\/2023\/01\/spid_2-immagine-300x169.jpg 300w, https:\/\/conslione.esteri.it\/wp-content\/uploads\/2023\/01\/spid_2-immagine-1024x576.jpg 1024w, https:\/\/conslione.esteri.it\/wp-content\/uploads\/2023\/01\/spid_2-immagine-768x432.jpg 768w, https:\/\/conslione.esteri.it\/wp-content\/uploads\/2023\/01\/spid_2-immagine.jpg 1140w\" sizes=\"auto, (max-width: 1140px) 100vw, 1140px\" class=\"figure-img img-fluid\" alt=\"Aller \u00e0 la page https:\/\/conslione.esteri.it\/fr\/servizi-consolari-e-visti\/servizi-per-il-cittadino-italiano\/spid-sistema-pubblico-di-identita-digitale\/\">\n                                                                <\/a>\n                                                            <\/div>\n                                                        <\/div>\n                                                    <\/div>\n                                                <\/div>\n                                            <\/div>\n                                        <\/div>\n                                    <\/li>\n                                                                    <li class=\"splide__slide\">\n                                        <div class=\"it-single-slide-wrapper\">\n                                            <div class=\"card-wrapper\">\n                                                <div class=\"card card-img no-after\">\n                                                    <div class=\"img-responsive-wrapper\">\n                                                        <div class=\"img-responsive\">\n                                                            <div class=\"img-wrapper\">\n                                                                <a href=\"https:\/\/conslione.esteri.it\/fr\/chi-siamo\/numeri-di-emergenza\/\" title=\"Aller \u00e0 la page https:\/\/conslione.esteri.it\/fr\/chi-siamo\/numeri-di-emergenza\/\" target=\"_blank\">\n                                                                    <img decoding=\"async\" loading=\"lazy\" width=\"640\" height=\"639\" src=\"https:\/\/conslione.esteri.it\/wp-content\/uploads\/2023\/01\/numero_emergenze_immagine-768x767.png\" srcset=\"https:\/\/conslione.esteri.it\/wp-content\/uploads\/2023\/01\/numero_emergenze_immagine-300x300.png 300w, https:\/\/conslione.esteri.it\/wp-content\/uploads\/2023\/01\/numero_emergenze_immagine-1024x1024.png 1024w, https:\/\/conslione.esteri.it\/wp-content\/uploads\/2023\/01\/numero_emergenze_immagine-150x150.png 150w, https:\/\/conslione.esteri.it\/wp-content\/uploads\/2023\/01\/numero_emergenze_immagine-768x767.png 768w, https:\/\/conslione.esteri.it\/wp-content\/uploads\/2023\/01\/numero_emergenze_immagine.png 1140w\" sizes=\"auto, (max-width: 1140px) 100vw, 1140px\" class=\"figure-img img-fluid\" alt=\"Aller \u00e0 la page https:\/\/conslione.esteri.it\/fr\/chi-siamo\/numeri-di-emergenza\/\">\n                                                                <\/a>\n                                                            <\/div>\n                                                        <\/div>\n                                                    <\/div>\n                                                <\/div>\n                                            <\/div>\n                                        <\/div>\n                                    <\/li>\n                                                                    <li class=\"splide__slide\">\n                                        <div class=\"it-single-slide-wrapper\">\n                                            <div class=\"card-wrapper\">\n                                                <div class=\"card card-img no-after\">\n                                                    <div class=\"img-responsive-wrapper\">\n                                                        <div class=\"img-responsive\">\n                                                            <div class=\"img-wrapper\">\n                                                                <a href=\"https:\/\/www.esteri.it\/it\/ministero\/normativaonline\/informazioni-sugli-spostamenti-dallitalia-verso-lestero\/\" title=\"Aller \u00e0 la page https:\/\/www.esteri.it\/it\/ministero\/normativaonline\/informazioni-sugli-spostamenti-dallitalia-verso-lestero\/\" target=\"_blank\">\n                                                                    <img decoding=\"async\" loading=\"lazy\" width=\"640\" height=\"421\" src=\"https:\/\/conslione.esteri.it\/wp-content\/uploads\/2023\/01\/informazioni-sugli-spostamenti-dallitalia-verso-estero-768x505.jpg\" srcset=\"https:\/\/conslione.esteri.it\/wp-content\/uploads\/2023\/01\/informazioni-sugli-spostamenti-dallitalia-verso-estero-300x197.jpg 300w, https:\/\/conslione.esteri.it\/wp-content\/uploads\/2023\/01\/informazioni-sugli-spostamenti-dallitalia-verso-estero-1024x674.jpg 1024w, https:\/\/conslione.esteri.it\/wp-content\/uploads\/2023\/01\/informazioni-sugli-spostamenti-dallitalia-verso-estero-768x505.jpg 768w, https:\/\/conslione.esteri.it\/wp-content\/uploads\/2023\/01\/informazioni-sugli-spostamenti-dallitalia-verso-estero.jpg 1600w\" sizes=\"auto, (max-width: 1600px) 100vw, 1600px\" class=\"figure-img img-fluid\" alt=\"Aller \u00e0 la page https:\/\/www.esteri.it\/it\/ministero\/normativaonline\/informazioni-sugli-spostamenti-dallitalia-verso-lestero\/\">\n                                                                <\/a>\n                                                            <\/div>\n                                                        <\/div>\n                                                    <\/div>\n                                                <\/div>\n                                            <\/div>\n                                        <\/div>\n                                    <\/li>\n                                                                    <li class=\"splide__slide\">\n                                        <div class=\"it-single-slide-wrapper\">\n                                            <div class=\"card-wrapper\">\n                                                <div class=\"card card-img no-after\">\n                                                    <div class=\"img-responsive-wrapper\">\n                                                        <div class=\"img-responsive\">\n                                                            <div class=\"img-wrapper\">\n                                                                <a href=\"https:\/\/www.esteri.it\/it\/politica-estera-e-cooperazione-allo-sviluppo\/aree_geografiche\/europa\/litalia-a-sostegno-dellucraina\/\" title=\"Aller \u00e0 la page https:\/\/www.esteri.it\/it\/politica-estera-e-cooperazione-allo-sviluppo\/aree_geografiche\/europa\/litalia-a-sostegno-dellucraina\/\" target=\"_blank\">\n                                                                    <img decoding=\"async\" loading=\"lazy\" width=\"640\" height=\"421\" src=\"https:\/\/conslione.esteri.it\/wp-content\/uploads\/2023\/01\/LItalia-a-sostegno-dellUcraina-768x505.jpg\" srcset=\"https:\/\/conslione.esteri.it\/wp-content\/uploads\/2023\/01\/LItalia-a-sostegno-dellUcraina-300x197.jpg 300w, https:\/\/conslione.esteri.it\/wp-content\/uploads\/2023\/01\/LItalia-a-sostegno-dellUcraina-1024x674.jpg 1024w, https:\/\/conslione.esteri.it\/wp-content\/uploads\/2023\/01\/LItalia-a-sostegno-dellUcraina-768x505.jpg 768w, https:\/\/conslione.esteri.it\/wp-content\/uploads\/2023\/01\/LItalia-a-sostegno-dellUcraina.jpg 1600w\" sizes=\"auto, (max-width: 1600px) 100vw, 1600px\" class=\"figure-img img-fluid\" alt=\"Aller \u00e0 la page https:\/\/www.esteri.it\/it\/politica-estera-e-cooperazione-allo-sviluppo\/aree_geografiche\/europa\/litalia-a-sostegno-dellucraina\/\">\n                                                                <\/a>\n                                                            <\/div>\n                                                        <\/div>\n                                                    <\/div>\n                                                <\/div>\n                                            <\/div>\n                                        <\/div>\n                                    <\/li>\n                                                                    <li class=\"splide__slide\">\n                                        <div class=\"it-single-slide-wrapper\">\n                                            <div class=\"card-wrapper\">\n                                                <div class=\"card card-img no-after\">\n                                                    <div class=\"img-responsive-wrapper\">\n                                                        <div class=\"img-responsive\">\n                                                            <div class=\"img-wrapper\">\n                                                                <a href=\"https:\/\/ideasitaly.com\/\" title=\"Aller \u00e0 la page https:\/\/ideasitaly.com\/\" target=\"_blank\">\n                                                                    <img decoding=\"async\" loading=\"lazy\" width=\"512\" height=\"130\" src=\"https:\/\/conslione.esteri.it\/wp-content\/uploads\/2023\/04\/logo-Ideas_512.png\" srcset=\"https:\/\/conslione.esteri.it\/wp-content\/uploads\/2023\/04\/logo-Ideas_512-300x76.png 300w, https:\/\/conslione.esteri.it\/wp-content\/uploads\/2023\/04\/logo-Ideas_512.png 512w\" sizes=\"auto, (max-width: 512px) 100vw, 512px\" class=\"figure-img img-fluid\" alt=\"Aller \u00e0 la page https:\/\/ideasitaly.com\/\">\n                                                                <\/a>\n                                                            <\/div>\n                                                        <\/div>\n                                                    <\/div>\n                                                <\/div>\n                                            <\/div>\n                                        <\/div>\n                                    <\/li>\n                                                                    <li class=\"splide__slide\">\n                                        <div class=\"it-single-slide-wrapper\">\n                                            <div class=\"card-wrapper\">\n                                                <div class=\"card card-img no-after\">\n                                                    <div class=\"img-responsive-wrapper\">\n                                                        <div class=\"img-responsive\">\n                                                            <div class=\"img-wrapper\">\n                                                                <a href=\"https:\/\/madeinitaly.gov.it\/en\/\" title=\"Aller \u00e0 la page https:\/\/madeinitaly.gov.it\/en\/\" target=\"_blank\">\n                                                                    <img decoding=\"async\" loading=\"lazy\" width=\"640\" height=\"422\" src=\"https:\/\/conslione.esteri.it\/wp-content\/uploads\/2023\/01\/BOX_BE-IT-768x506.jpg\" srcset=\"https:\/\/conslione.esteri.it\/wp-content\/uploads\/2023\/01\/BOX_BE-IT-300x197.jpg 300w, https:\/\/conslione.esteri.it\/wp-content\/uploads\/2023\/01\/BOX_BE-IT-768x506.jpg 768w, https:\/\/conslione.esteri.it\/wp-content\/uploads\/2023\/01\/BOX_BE-IT.jpg 799w\" sizes=\"auto, (max-width: 799px) 100vw, 799px\" class=\"figure-img img-fluid\" alt=\"Aller \u00e0 la page https:\/\/madeinitaly.gov.it\/en\/\">\n                                                                <\/a>\n                                                            <\/div>\n                                                        <\/div>\n                                                    <\/div>\n                                                <\/div>\n                                            <\/div>\n                                        <\/div>\n                                    <\/li>\n                                                                <\/ul>\n                            <\/div>\n                        <\/div>\n                    <\/div>\n                <\/div>\n            <\/div>\n                  <\/section>\n        \n","protected":false},"excerpt":{"rendered":"","protected":false},"author":1,"featured_media":0,"parent":0,"menu_order":0,"comment_status":"closed","ping_status":"closed","template":"page-home.php","meta":{"footnotes":""},"class_list":["post-36","page","type-page","status-publish","hentry"],"_links":{"self":[{"href":"https:\/\/conslione.esteri.it\/fr\/wp-json\/wp\/v2\/pages\/36","targetHints":{"allow":["GET"]}}],"collection":[{"href":"https:\/\/conslione.esteri.it\/fr\/wp-json\/wp\/v2\/pages"}],"about":[{"href":"https:\/\/conslione.esteri.it\/fr\/wp-json\/wp\/v2\/types\/page"}],"author":[{"embeddable":true,"href":"https:\/\/conslione.esteri.it\/fr\/wp-json\/wp\/v2\/users\/1"}],"replies":[{"embeddable":true,"href":"https:\/\/conslione.esteri.it\/fr\/wp-json\/wp\/v2\/comments?post=36"}],"version-history":[{"count":0,"href":"https:\/\/conslione.esteri.it\/fr\/wp-json\/wp\/v2\/pages\/36\/revisions"}],"wp:attachment":[{"href":"https:\/\/conslione.esteri.it\/fr\/wp-json\/wp\/v2\/media?parent=36"}],"curies":[{"name":"wp","href":"https:\/\/api.w.org\/{rel}","templated":true}]}}