{"id":47,"date":"2023-01-24T17:56:46","date_gmt":"2023-01-24T16:56:46","guid":{"rendered":"https:\/\/conslione.esteri.it?page_id=47"},"modified":"2023-01-24T17:58:12","modified_gmt":"2023-01-24T16:58:12","slug":"dal_consolato","status":"publish","type":"page","link":"https:\/\/conslione.esteri.it\/it\/news\/dal_consolato\/","title":{"rendered":"Dal Consolato"},"content":{"rendered":"        <div class=\"row\">\n\t\t\t<!-- Ricerca sedi post -->\n\t\t\t<div class=\"col-12 mt-4\">\n\t\t\t  <div class=\"callout callout-highlight note ricerca-esteri p-4\">\n                    <div class=\"callout-title\">\n                        <svg class=\"icon\">\n                            <use xlink:href=\"https:\/\/conslione.esteri.it\/wp-content\/themes\/sedi-tema\/assets\/svg\/sprites.svg#it-search\"><\/use>\n                        <\/svg>Inserisci i parametri di ricerca                    <\/div>\n                    <form id=\"searchFormPost\" name=\"form-search-post\" class=\"form-row align-items-center\" action=\"https:\/\/conslione.esteri.it\/it\/wp-json\/wp\/v2\/pages\/47\/\" method=\"GET\"> \n                        <!-- <div class=\"form-group pt-5\"> -->\n                            <!-- <input type=\"hidden\" id=\"lang\" name=\"lang\" value=\"\"> --> <!-- <\/div> -->\n\n                        <div class=\"it-datepicker-wrapper\">\n                            <div class=\"row\">\n                                <div class=\"form-group col-md-6\">\n                                    <label class=\"active\" for=\"date-init\">Dal<\/label>\n                                    <input class=\"form-control\" name=\"date-init\" id=\"date-init\" type=\"date\" placeholder=\"gg\/mm\/aaaa\" value=\"\"lang=\"en-EN\">  \n                                <\/div>\n                                <div class=\"form-group col-md-6\">\n                                    <label class=\"active\" for=\"date-end\">Al<\/label>\n                                    <input class=\"form-control\" name=\"date-end\" id=\"date-end\" type=\"date\" placeholder=\"gg\/mm\/aaaa\" value=\"\">\n                                <\/div>\n                            <\/div>\n                        <\/div>\n                        <div class=\"form-group col-md-12 mt-3\">\n                            <label for=\"searchText\">Campo ricerca libera<\/label>\n                            <input type=\"text\" name=\"searchText\" class=\"form-control\" id=\"searchText\" value=\"\">\n                        <\/div>\n                        <div class=\"form-group col-md-4 offset-md-8 text-end\">\n                            <a href=\"https:\/\/conslione.esteri.it\/it\/news\/dal_consolato\/\" title=\"Form reset\" id=\"resetImput\" class=\"btn btn-outline-primary btn-xs\">Reset<\/a>\n                            <button type=\"submit\" class=\"btn btn-primary btn-xs\">Mostra risultati<\/button>\n                        <\/div>\n                    <\/form>\n\t\t\t\t<\/div>\n\t\t\t<\/div>\n\t\t<\/div>\n                    \n            <div class=\"row\">\n                            <div class=\"col-12 mt-3\">\n                <!--start card-->\n                <div class=\"card-wrapper card-space\">\n                    <div class=\"card card-bg card-big border-bottom-card\">\n                        <div class=\"card-body \">\n                                                        <div class=\"category-top\">\n                                                                                                            <span class=\"\">\n                                        <svg class=\"icon icon-secondary\">\n                                            <use xlink:href=\"https:\/\/conslione.esteri.it\/wp-content\/themes\/sedi-tema\/assets\/svg\/sprites.svg#it-calendar\"><\/use>\n                                        <\/svg> 3 Settembre 2026                                    <\/span>\n                                                                    <\/div>\n                            <h5 class=\"card-title big-heading text-uppercase\"><a class=\"text-body text-decoration-none\" href=\"https:\/\/conslione.esteri.it\/it\/news\/dal_consolato\/2026\/09\/indizione-delle-elezioni-dei-comites-2\/\" title=\"Indizione delle elezioni dei Com.It.Es. 2026\">Indizione delle elezioni dei Com.It.Es. 2026<\/a><\/h5>\n                            <p class=\"card-text\">Con Decreto del Capo dell\u2019Ufficio consolare di Lione sono indette le elezioni per l\u2019istituzione e il rinnovo dei Comitati degli Italiani all\u2019estero (Com.It.Es.) di Lione e di Chambery. La data delle elezioni \u00e8 fissata al 4 dicembre 2026. Tale data corrisponde all\u2019ultimo giorno utile per far pervenire al questo Consolato Generale la busta contenente la [&hellip;]<\/p>\n                                <a title=\"Indizione delle elezioni dei Com.It.Es. 2026\" class=\"read-more\" href=\"https:\/\/conslione.esteri.it\/it\/news\/dal_consolato\/2026\/09\/indizione-delle-elezioni-dei-comites-2\/\">\n                                    <span class=\"text\">Leggi di pi\u00f9<\/span>\n                                    <svg class=\"icon\">\n                                    <use xlink:href=\"https:\/\/conslione.esteri.it\/wp-content\/themes\/sedi-tema\/assets\/svg\/sprites.svg#it-arrow-right\"><\/use>\n                                    <\/svg>\n                                <\/a>\n                                                    <\/div>\n                    <\/div>\n                <\/div>\n                <!--end card-->\n                <\/div><!-- col-12 .mt-3-->\n                            <div class=\"col-12 mt-3\">\n                <!--start card-->\n                <div class=\"card-wrapper card-space\">\n                    <div class=\"card card-bg card-big border-bottom-card\">\n                        <div class=\"card-body \">\n                                                        <div class=\"category-top\">\n                                                                                                            <span class=\"\">\n                                        <svg class=\"icon icon-secondary\">\n                                            <use xlink:href=\"https:\/\/conslione.esteri.it\/wp-content\/themes\/sedi-tema\/assets\/svg\/sprites.svg#it-calendar\"><\/use>\n                                        <\/svg> 24 Agosto 2026                                    <\/span>\n                                                                    <\/div>\n                            <h5 class=\"card-title big-heading text-uppercase\"><a class=\"text-body text-decoration-none\" href=\"https:\/\/conslione.esteri.it\/it\/news\/dal_consolato\/2026\/08\/elezioni-com-it-es-2026-predisposizione-e-presentazione-liste-elettorali\/\" title=\"ELEZIONI COM.IT.ES. 2026 &#8211; Predisposizione e presentazione liste elettorali\">ELEZIONI COM.IT.ES. 2026 &#8211; Predisposizione e presentazione liste elettorali<\/a><\/h5>\n                            <p class=\"card-text\">Nel 2026 avranno luogo le elezioni per il rinnovo dei Comitati degli Italiani all\u2019Estero (Com.It.Es.). Ai sensi dell\u2019art. 14 del DPR 395\/2003, le liste possono essere presentate all\u2019Ufficio elettorale nelle ore d\u2019ufficio dal ventesimo al trentesimo giorno successivo all\u2019indizione. La raccolta delle firme, la sottoscrizione delle liste e le relative autentiche possono avvenire sin da [&hellip;]<\/p>\n                                <a title=\"ELEZIONI COM.IT.ES. 2026 &#8211; Predisposizione e presentazione liste elettorali\" class=\"read-more\" href=\"https:\/\/conslione.esteri.it\/it\/news\/dal_consolato\/2026\/08\/elezioni-com-it-es-2026-predisposizione-e-presentazione-liste-elettorali\/\">\n                                    <span class=\"text\">Leggi di pi\u00f9<\/span>\n                                    <svg class=\"icon\">\n                                    <use xlink:href=\"https:\/\/conslione.esteri.it\/wp-content\/themes\/sedi-tema\/assets\/svg\/sprites.svg#it-arrow-right\"><\/use>\n                                    <\/svg>\n                                <\/a>\n                                                    <\/div>\n                    <\/div>\n                <\/div>\n                <!--end card-->\n                <\/div><!-- col-12 .mt-3-->\n                            <div class=\"col-12 mt-3\">\n                <!--start card-->\n                <div class=\"card-wrapper card-space\">\n                    <div class=\"card card-bg card-big border-bottom-card\">\n                        <div class=\"card-body \">\n                                                        <div class=\"category-top\">\n                                                                                                            <span class=\"\">\n                                        <svg class=\"icon icon-secondary\">\n                                            <use xlink:href=\"https:\/\/conslione.esteri.it\/wp-content\/themes\/sedi-tema\/assets\/svg\/sprites.svg#it-calendar\"><\/use>\n                                        <\/svg> 21 Agosto 2026                                    <\/span>\n                                                                    <\/div>\n                            <h5 class=\"card-title big-heading text-uppercase\"><a class=\"text-body text-decoration-none\" href=\"https:\/\/conslione.esteri.it\/it\/news\/dal_consolato\/2026\/08\/avviso-di-selezione-per-n1-impiegato-a-contratto-da-adibire-ai-servizi-di-assistente-amministrativo-consolato-generale-ditalia-a-marsiglia\/\" title=\"Avviso di selezione per n\u00b01 impiegato a contratto da adibire ai servizi di Assistente Amministrativo \u2013 Consolato Generale d\u2019Italia a Marsiglia\">Avviso di selezione per n\u00b01 impiegato a contratto da adibire ai servizi di Assistente Amministrativo \u2013 Consolato Generale d\u2019Italia a Marsiglia<\/a><\/h5>\n                            <p class=\"card-text\">Si informa che il Consolato Generale d\u2019Italia a Marsiglia ha avviato le procedure di selezione per l\u2019assunzione di 1 (uno) impiegato a contratto a tempo indeterminato da adibire ai servizi di assistente amministrativo. Le domande di ammissione alle prove per l\u2019assunzione, da redigersi secondo il modello disponibile a questo link , dovranno essere presentate entro [&hellip;]<\/p>\n                                <a title=\"Avviso di selezione per n\u00b01 impiegato a contratto da adibire ai servizi di Assistente Amministrativo \u2013 Consolato Generale d\u2019Italia a Marsiglia\" class=\"read-more\" href=\"https:\/\/conslione.esteri.it\/it\/news\/dal_consolato\/2026\/08\/avviso-di-selezione-per-n1-impiegato-a-contratto-da-adibire-ai-servizi-di-assistente-amministrativo-consolato-generale-ditalia-a-marsiglia\/\">\n                                    <span class=\"text\">Leggi di pi\u00f9<\/span>\n                                    <svg class=\"icon\">\n                                    <use xlink:href=\"https:\/\/conslione.esteri.it\/wp-content\/themes\/sedi-tema\/assets\/svg\/sprites.svg#it-arrow-right\"><\/use>\n                                    <\/svg>\n                                <\/a>\n                                                    <\/div>\n                    <\/div>\n                <\/div>\n                <!--end card-->\n                <\/div><!-- col-12 .mt-3-->\n                            <div class=\"col-12 mt-3\">\n                <!--start card-->\n                <div class=\"card-wrapper card-space\">\n                    <div class=\"card card-bg card-big border-bottom-card\">\n                        <div class=\"card-body \">\n                                                        <div class=\"category-top\">\n                                                                                                            <span class=\"\">\n                                        <svg class=\"icon icon-secondary\">\n                                            <use xlink:href=\"https:\/\/conslione.esteri.it\/wp-content\/themes\/sedi-tema\/assets\/svg\/sprites.svg#it-calendar\"><\/use>\n                                        <\/svg> 27 Luglio 2026                                    <\/span>\n                                                                    <\/div>\n                            <h5 class=\"card-title big-heading text-uppercase\"><a class=\"text-body text-decoration-none\" href=\"https:\/\/conslione.esteri.it\/it\/news\/dal_consolato\/2026\/07\/elezioni-dei-com-it-es-2026\/\" title=\"Elezioni dei Com.It.Es 2026 &#8211; Modalit\u00e0 per la richiesta di iscrizione nell&#8217;elenco elettorale\">Elezioni dei Com.It.Es 2026 &#8211; Modalit\u00e0 per la richiesta di iscrizione nell&#8217;elenco elettorale<\/a><\/h5>\n                            <p class=\"card-text\">AGGIORNAMENTO DEL 17\/08\/2026 MODALITA\u2019 PER LA RICHIESTA DI ISCRIZIONE NELL\u2019ELENCO ELETTORALE Le elezioni per il rinnovo e l\u2019istituzione dei Com.It.Es si terranno entro la fine del 2026. I Comitati degli italiani all\u2019estero sono organi di rappresentanza della collettivit\u00e0 italiana nei rapporti con le rappresentanze diplomatico-consolari e operano per l\u2019integrazione della comunit\u00e0 italiana residente nel Paese [&hellip;]<\/p>\n                                <a title=\"Elezioni dei Com.It.Es 2026 &#8211; Modalit\u00e0 per la richiesta di iscrizione nell&#8217;elenco elettorale\" class=\"read-more\" href=\"https:\/\/conslione.esteri.it\/it\/news\/dal_consolato\/2026\/07\/elezioni-dei-com-it-es-2026\/\">\n                                    <span class=\"text\">Leggi di pi\u00f9<\/span>\n                                    <svg class=\"icon\">\n                                    <use xlink:href=\"https:\/\/conslione.esteri.it\/wp-content\/themes\/sedi-tema\/assets\/svg\/sprites.svg#it-arrow-right\"><\/use>\n                                    <\/svg>\n                                <\/a>\n                                                    <\/div>\n                    <\/div>\n                <\/div>\n                <!--end card-->\n                <\/div><!-- col-12 .mt-3-->\n                            <div class=\"col-12 mt-3\">\n                <!--start card-->\n                <div class=\"card-wrapper card-space\">\n                    <div class=\"card card-bg card-big border-bottom-card\">\n                        <div class=\"card-body \">\n                                                        <div class=\"category-top\">\n                                                                                                            <span class=\"\">\n                                        <svg class=\"icon icon-secondary\">\n                                            <use xlink:href=\"https:\/\/conslione.esteri.it\/wp-content\/themes\/sedi-tema\/assets\/svg\/sprites.svg#it-calendar\"><\/use>\n                                        <\/svg> 15 Luglio 2026                                    <\/span>\n                                                                    <\/div>\n                            <h5 class=\"card-title big-heading text-uppercase\"><a class=\"text-body text-decoration-none\" href=\"https:\/\/conslione.esteri.it\/it\/news\/dal_consolato\/2026\/07\/chiusura-estiva-delle-permanenze-di-grenoble-e-chambery-3\/\" title=\"Chiusura estiva delle Permanenze di Grenoble e Chamb\u00e9ry\">Chiusura estiva delle Permanenze di Grenoble e Chamb\u00e9ry<\/a><\/h5>\n                            <p class=\"card-text\">Si informa che, durante il periodo estivo, le Permanenze Consolari a Chambery e Grenoble rimarranno chiuse nei giorni qui di seguito elencati: &nbsp; PERMANENZA CONSOLARE DI CHAMBERY Luned\u00ec 03\/08\/2026 Luned\u00ec 10\/08\/2026 Luned\u00ec 17\/08\/2026 &nbsp; PERMANENZA CONSOLARE DI GRENOBLE Gioved\u00ec 06\/08\/2026 Gioved\u00ec 13\/08\/2026 Gioved\u00ec 20\/08\/2026 Gioved\u00ec 27\/08\/2026<\/p>\n                                <a title=\"Chiusura estiva delle Permanenze di Grenoble e Chamb\u00e9ry\" class=\"read-more\" href=\"https:\/\/conslione.esteri.it\/it\/news\/dal_consolato\/2026\/07\/chiusura-estiva-delle-permanenze-di-grenoble-e-chambery-3\/\">\n                                    <span class=\"text\">Leggi di pi\u00f9<\/span>\n                                    <svg class=\"icon\">\n                                    <use xlink:href=\"https:\/\/conslione.esteri.it\/wp-content\/themes\/sedi-tema\/assets\/svg\/sprites.svg#it-arrow-right\"><\/use>\n                                    <\/svg>\n                                <\/a>\n                                                    <\/div>\n                    <\/div>\n                <\/div>\n                <!--end card-->\n                <\/div><!-- col-12 .mt-3-->\n                            <div class=\"col-12 mt-3\">\n                <!--start card-->\n                <div class=\"card-wrapper card-space\">\n                    <div class=\"card card-bg card-big border-bottom-card\">\n                        <div class=\"card-body \">\n                                                        <div class=\"category-top\">\n                                                                                                            <span class=\"\">\n                                        <svg class=\"icon icon-secondary\">\n                                            <use xlink:href=\"https:\/\/conslione.esteri.it\/wp-content\/themes\/sedi-tema\/assets\/svg\/sprites.svg#it-calendar\"><\/use>\n                                        <\/svg> 13 Luglio 2026                                    <\/span>\n                                                                    <\/div>\n                            <h5 class=\"card-title big-heading text-uppercase\"><a class=\"text-body text-decoration-none\" href=\"https:\/\/conslione.esteri.it\/it\/news\/dal_consolato\/2026\/07\/cessazione-della-validita-della-carta-didentita-cartacea-per-lespatrio-dal-3-agosto\/\" title=\"Cessazione della validit\u00e0 della carta d\u2019identit\u00e0 cartacea per l\u2019espatrio dal 3 agosto\">Cessazione della validit\u00e0 della carta d\u2019identit\u00e0 cartacea per l\u2019espatrio dal 3 agosto<\/a><\/h5>\n                            <p class=\"card-text\">A partire dal 3 agosto 2026 la versione cartacea della carta di identit\u00e0 cesser\u00e0 di essere valida per l\u2019espatrio, indipendentemente dalla data di scadenza riportata sul retro. Il DL 26\/06\/2026 n.108 ha introdotto alcune modifiche importanti: La Carta d\u2019Identit\u00e0 Cartacea non scaduta pu\u00f2 essere utilizzata come strumento identificativo nei rapporti con la Pubblica Amministrazione italiana [&hellip;]<\/p>\n                                <a title=\"Cessazione della validit\u00e0 della carta d\u2019identit\u00e0 cartacea per l\u2019espatrio dal 3 agosto\" class=\"read-more\" href=\"https:\/\/conslione.esteri.it\/it\/news\/dal_consolato\/2026\/07\/cessazione-della-validita-della-carta-didentita-cartacea-per-lespatrio-dal-3-agosto\/\">\n                                    <span class=\"text\">Leggi di pi\u00f9<\/span>\n                                    <svg class=\"icon\">\n                                    <use xlink:href=\"https:\/\/conslione.esteri.it\/wp-content\/themes\/sedi-tema\/assets\/svg\/sprites.svg#it-arrow-right\"><\/use>\n                                    <\/svg>\n                                <\/a>\n                                                    <\/div>\n                    <\/div>\n                <\/div>\n                <!--end card-->\n                <\/div><!-- col-12 .mt-3-->\n                            <div class=\"col-12 mt-3\">\n                <!--start card-->\n                <div class=\"card-wrapper card-space\">\n                    <div class=\"card card-bg card-big border-bottom-card\">\n                        <div class=\"card-body \">\n                                                        <div class=\"category-top\">\n                                                                                                            <span class=\"\">\n                                        <svg class=\"icon icon-secondary\">\n                                            <use xlink:href=\"https:\/\/conslione.esteri.it\/wp-content\/themes\/sedi-tema\/assets\/svg\/sprites.svg#it-calendar\"><\/use>\n                                        <\/svg> 16 Giugno 2026                                    <\/span>\n                                                                    <\/div>\n                            <h5 class=\"card-title big-heading text-uppercase\"><a class=\"text-body text-decoration-none\" href=\"https:\/\/conslione.esteri.it\/it\/news\/dal_consolato\/2026\/06\/linea-telefonica-dedicata-over-75-variazione-orario\/\" title=\"Linea telefonica dedicata over 75: variazione orario\">Linea telefonica dedicata over 75: variazione orario<\/a><\/h5>\n                            <p class=\"card-text\">La linea telefonica dedicata agli over 75 (06 42 22 02 42) sar\u00e0 d\u2019ora in poi attiva esclusivamente il gioved\u00ec dalle 14h30 alle 16h00. Si avvisa che il servizio NON sar\u00e0 disponibile, in via del tutto eccezionale, gioved\u00ec 25 giugno 2026. Si informa inoltre che il servizio sar\u00e0 sospeso nel mese di agosto 2026.<\/p>\n                                <a title=\"Linea telefonica dedicata over 75: variazione orario\" class=\"read-more\" href=\"https:\/\/conslione.esteri.it\/it\/news\/dal_consolato\/2026\/06\/linea-telefonica-dedicata-over-75-variazione-orario\/\">\n                                    <span class=\"text\">Leggi di pi\u00f9<\/span>\n                                    <svg class=\"icon\">\n                                    <use xlink:href=\"https:\/\/conslione.esteri.it\/wp-content\/themes\/sedi-tema\/assets\/svg\/sprites.svg#it-arrow-right\"><\/use>\n                                    <\/svg>\n                                <\/a>\n                                                    <\/div>\n                    <\/div>\n                <\/div>\n                <!--end card-->\n                <\/div><!-- col-12 .mt-3-->\n                            <div class=\"col-12 mt-3\">\n                <!--start card-->\n                <div class=\"card-wrapper card-space\">\n                    <div class=\"card card-bg card-big border-bottom-card\">\n                        <div class=\"card-body \">\n                                                        <div class=\"category-top\">\n                                                                                                            <span class=\"\">\n                                        <svg class=\"icon icon-secondary\">\n                                            <use xlink:href=\"https:\/\/conslione.esteri.it\/wp-content\/themes\/sedi-tema\/assets\/svg\/sprites.svg#it-calendar\"><\/use>\n                                        <\/svg> 5 Giugno 2026                                    <\/span>\n                                                                    <\/div>\n                            <h5 class=\"card-title big-heading text-uppercase\"><a class=\"text-body text-decoration-none\" href=\"https:\/\/conslione.esteri.it\/it\/news\/dal_consolato\/2026\/06\/attenzione-aperture-straordinarie-per-la-sostituzione-delle-carte-didentita-cartacee-giugno-e-luglio-2026\/\" title=\"ATTENZIONE \u2013 Aperture straordinarie per la sostituzione delle Carte d\u2019Identit\u00e0 Cartacee (giugno e luglio 2026)\">ATTENZIONE \u2013 Aperture straordinarie per la sostituzione delle Carte d\u2019Identit\u00e0 Cartacee (giugno e luglio 2026)<\/a><\/h5>\n                            <p class=\"card-text\">Si ricorda ai connazionali che le Carte d\u2019Identit\u00e0 in formato Cartaceo (CIC) non saranno pi\u00f9 valide a partire dal 3 agosto 2026, indipendentemente dalla data di scadenza indicata sulle stesse. I connazionali in possesso di una Carte d\u2019identit\u00e0 in formato cartaceo in vigore o recentemente scaduta e privi di un passaporto in corso di validit\u00e0 [&hellip;]<\/p>\n                                <a title=\"ATTENZIONE \u2013 Aperture straordinarie per la sostituzione delle Carte d\u2019Identit\u00e0 Cartacee (giugno e luglio 2026)\" class=\"read-more\" href=\"https:\/\/conslione.esteri.it\/it\/news\/dal_consolato\/2026\/06\/attenzione-aperture-straordinarie-per-la-sostituzione-delle-carte-didentita-cartacee-giugno-e-luglio-2026\/\">\n                                    <span class=\"text\">Leggi di pi\u00f9<\/span>\n                                    <svg class=\"icon\">\n                                    <use xlink:href=\"https:\/\/conslione.esteri.it\/wp-content\/themes\/sedi-tema\/assets\/svg\/sprites.svg#it-arrow-right\"><\/use>\n                                    <\/svg>\n                                <\/a>\n                                                    <\/div>\n                    <\/div>\n                <\/div>\n                <!--end card-->\n                <\/div><!-- col-12 .mt-3-->\n                            <div class=\"col-12 mt-3\">\n                <!--start card-->\n                <div class=\"card-wrapper card-space\">\n                    <div class=\"card card-bg card-big border-bottom-card\">\n                        <div class=\"card-body \">\n                                                        <div class=\"category-top\">\n                                                                                                            <span class=\"\">\n                                        <svg class=\"icon icon-secondary\">\n                                            <use xlink:href=\"https:\/\/conslione.esteri.it\/wp-content\/themes\/sedi-tema\/assets\/svg\/sprites.svg#it-calendar\"><\/use>\n                                        <\/svg> 29 Maggio 2026                                    <\/span>\n                                                                    <\/div>\n                            <h5 class=\"card-title big-heading text-uppercase\"><a class=\"text-body text-decoration-none\" href=\"https:\/\/conslione.esteri.it\/it\/news\/dal_consolato\/2026\/05\/festa-della-repubblica-chiusura-uffici\/\" title=\"Festa della Repubblica: chiusura uffici\">Festa della Repubblica: chiusura uffici<\/a><\/h5>\n                            <p class=\"card-text\">Si informano i connazionali che, in occasione della Festa Nazionale della Repubblica, il Consolato Generale d&#8217;Italia a Lione sar\u00e0 chiuso tutta la giornata di marted\u00ec\u00a02 giugno 2026. &nbsp;<\/p>\n                                <a title=\"Festa della Repubblica: chiusura uffici\" class=\"read-more\" href=\"https:\/\/conslione.esteri.it\/it\/news\/dal_consolato\/2026\/05\/festa-della-repubblica-chiusura-uffici\/\">\n                                    <span class=\"text\">Leggi di pi\u00f9<\/span>\n                                    <svg class=\"icon\">\n                                    <use xlink:href=\"https:\/\/conslione.esteri.it\/wp-content\/themes\/sedi-tema\/assets\/svg\/sprites.svg#it-arrow-right\"><\/use>\n                                    <\/svg>\n                                <\/a>\n                                                    <\/div>\n                    <\/div>\n                <\/div>\n                <!--end card-->\n                <\/div><!-- col-12 .mt-3-->\n                            <div class=\"col-12 mt-3\">\n                <!--start card-->\n                <div class=\"card-wrapper card-space\">\n                    <div class=\"card card-bg card-big border-bottom-card\">\n                        <div class=\"card-body \">\n                                                        <div class=\"category-top\">\n                                                                                                            <span class=\"\">\n                                        <svg class=\"icon icon-secondary\">\n                                            <use xlink:href=\"https:\/\/conslione.esteri.it\/wp-content\/themes\/sedi-tema\/assets\/svg\/sprites.svg#it-calendar\"><\/use>\n                                        <\/svg> 26 Maggio 2026                                    <\/span>\n                                                                    <\/div>\n                            <h5 class=\"card-title big-heading text-uppercase\"><a class=\"text-body text-decoration-none\" href=\"https:\/\/conslione.esteri.it\/it\/news\/dal_consolato\/2026\/05\/permanenza-a-grenoble-chiusura-straordinaria-4-giugno-2026\/\" title=\"Permanenza a Grenoble: chiusura straordinaria 4 giugno 2026\">Permanenza a Grenoble: chiusura straordinaria 4 giugno 2026<\/a><\/h5>\n                            <p class=\"card-text\">Informiamo i connazionali che la permanenza di questo Consolato Generale a Grenoble sar\u00e0 eccezionalmente chiusa giovedi&#8217; 4 giugno 2026. Ci scusiamo per il disagio e ringraziamo per la comprensione.<\/p>\n                                <a title=\"Permanenza a Grenoble: chiusura straordinaria 4 giugno 2026\" class=\"read-more\" href=\"https:\/\/conslione.esteri.it\/it\/news\/dal_consolato\/2026\/05\/permanenza-a-grenoble-chiusura-straordinaria-4-giugno-2026\/\">\n                                    <span class=\"text\">Leggi di pi\u00f9<\/span>\n                                    <svg class=\"icon\">\n                                    <use xlink:href=\"https:\/\/conslione.esteri.it\/wp-content\/themes\/sedi-tema\/assets\/svg\/sprites.svg#it-arrow-right\"><\/use>\n                                    <\/svg>\n                                <\/a>\n                                                    <\/div>\n                    <\/div>\n                <\/div>\n                <!--end card-->\n                <\/div><!-- col-12 .mt-3-->\n            \n            <div class=\"col-md-12 mt-4 pb-4\">\n                <nav class=\"navigation col-md-12\" aria-label=\"Navigation\">\n                    <h2 class=\"screen-reader-text visually-hidden\">Paginazione<\/h2>\n                    <div class=\"nav-links\">\n                    <span aria-current=\"page\" class=\"page-numbers current\">1<\/span>\n<a class=\"page-numbers\" href=\"https:\/\/conslione.esteri.it\/it\/wp-json\/wp\/v2\/pages\/47\/?pag=2\">2<\/a>\n<a class=\"page-numbers\" href=\"https:\/\/conslione.esteri.it\/it\/wp-json\/wp\/v2\/pages\/47\/?pag=3\">3<\/a>\n<span class=\"page-numbers dots\">&hellip;<\/span>\n<a class=\"page-numbers\" href=\"https:\/\/conslione.esteri.it\/it\/wp-json\/wp\/v2\/pages\/47\/?pag=42\">42<\/a>\n<a class=\"next page-numbers\" href=\"https:\/\/conslione.esteri.it\/it\/wp-json\/wp\/v2\/pages\/47\/?pag=2\"><svg class=\"icon icon-primary\"><use xlink:href=\"https:\/\/conslione.esteri.it\/wp-content\/themes\/sedi-tema\/assets\/svg\/sprites.svg#it-chevron-right\"><\/use><\/svg>\n                                    <span class=\"visually-hidden\">Pagina successiva<\/span><\/a>                    <\/div>\n                <\/nav>\n            <\/div>   <!--.col-md-12 -->\n              <\/div><!--.row -->\n              \n","protected":false},"excerpt":{"rendered":"","protected":false},"author":3,"featured_media":0,"parent":15,"menu_order":0,"comment_status":"closed","ping_status":"closed","template":"","meta":{"footnotes":""},"class_list":["post-47","page","type-page","status-publish","hentry"],"_links":{"self":[{"href":"https:\/\/conslione.esteri.it\/it\/wp-json\/wp\/v2\/pages\/47","targetHints":{"allow":["GET"]}}],"collection":[{"href":"https:\/\/conslione.esteri.it\/it\/wp-json\/wp\/v2\/pages"}],"about":[{"href":"https:\/\/conslione.esteri.it\/it\/wp-json\/wp\/v2\/types\/page"}],"author":[{"embeddable":true,"href":"https:\/\/conslione.esteri.it\/it\/wp-json\/wp\/v2\/users\/3"}],"replies":[{"embeddable":true,"href":"https:\/\/conslione.esteri.it\/it\/wp-json\/wp\/v2\/comments?post=47"}],"version-history":[{"count":0,"href":"https:\/\/conslione.esteri.it\/it\/wp-json\/wp\/v2\/pages\/47\/revisions"}],"up":[{"embeddable":true,"href":"https:\/\/conslione.esteri.it\/it\/wp-json\/wp\/v2\/pages\/15"}],"wp:attachment":[{"href":"https:\/\/conslione.esteri.it\/it\/wp-json\/wp\/v2\/media?parent=47"}],"curies":[{"name":"wp","href":"https:\/\/api.w.org\/{rel}","templated":true}]}}